{"id":111,"date":"2020-10-17T16:50:10","date_gmt":"2020-10-17T16:50:10","guid":{"rendered":"https:\/\/lacompaniadelupe.com\/?page_id=111"},"modified":"2021-04-28T17:45:29","modified_gmt":"2021-04-28T17:45:29","slug":"musica","status":"publish","type":"page","link":"https:\/\/lacompaniadelupe.com\/index.php\/musica\/","title":{"rendered":"M\u00fasica"},"content":{"rendered":"\n<div class=\"wp-block-media-text alignwide is-stacked-on-mobile\"><figure class=\"wp-block-media-text__media\"><img loading=\"lazy\" decoding=\"async\" width=\"634\" height=\"274\" src=\"https:\/\/lacompaniadelupe.com\/wp-content\/uploads\/2020\/10\/david.jpg\" alt=\"\" class=\"wp-image-115\" srcset=\"https:\/\/lacompaniadelupe.com\/wp-content\/uploads\/2020\/10\/david.jpg 634w, https:\/\/lacompaniadelupe.com\/wp-content\/uploads\/2020\/10\/david-300x130.jpg 300w\" sizes=\"auto, (max-width: 634px) 100vw, 634px\" \/><\/figure><div class=\"wp-block-media-text__content\">\n<p>La\u00a0<strong>m\u00fasica<\/strong>\u00a0influye en los sentimientos y las emociones del espectador, modificando el sentido de la imagen. <\/p>\n\n\n\n<p><strong>David<\/strong>, es nuestro compositor. En cada trabajo aporta su experiencia, saber y genialidad.<\/p>\n\n\n\n<p><\/p>\n<\/div><\/div>\n\n\n\n<p class=\"has-text-align-center\"><b>Aqu\u00ed os dejamos una peque\u00f1a muestra de alguno de sus trabajos de este gran compositor<\/b>.<\/p>\n\n\n\n<figure class=\"wp-block-embed-youtube wp-block-embed is-type-video is-provider-youtube wp-embed-aspect-16-9 wp-has-aspect-ratio\"><div class=\"wp-block-embed__wrapper\">\n<iframe loading=\"lazy\" title=\"PARADISE - DAVID G\u00c1MEZ\" width=\"580\" height=\"326\" src=\"https:\/\/www.youtube.com\/embed\/JCcBznR4Lyk?feature=oembed\" frameborder=\"0\" allow=\"accelerometer; autoplay; clipboard-write; encrypted-media; gyroscope; picture-in-picture; web-share\" referrerpolicy=\"strict-origin-when-cross-origin\" allowfullscreen><\/iframe>\n<\/div><\/figure>\n\n\n\n<figure class=\"wp-block-embed-youtube wp-block-embed is-type-video is-provider-youtube wp-embed-aspect-16-9 wp-has-aspect-ratio\"><div class=\"wp-block-embed__wrapper\">\n<iframe loading=\"lazy\" title=\"MUSIC COMPOSED BY DAVID G\u00c1MEZ\" width=\"580\" height=\"326\" src=\"https:\/\/www.youtube.com\/embed\/oYZM7gukDp0?feature=oembed\" frameborder=\"0\" allow=\"accelerometer; autoplay; clipboard-write; encrypted-media; gyroscope; picture-in-picture; web-share\" referrerpolicy=\"strict-origin-when-cross-origin\" allowfullscreen><\/iframe>\n<\/div><\/figure>\n\n\n\n<p>Adem\u00e1s de componer, tambi\u00e9n produce. En las grabaciones intenta guiar e instruir a los j\u00f3venes int\u00e9rpretes musicales.<\/p>\n\n\n\n<figure class=\"wp-block-embed-youtube wp-block-embed is-type-video is-provider-youtube wp-embed-aspect-16-9 wp-has-aspect-ratio\"><div class=\"wp-block-embed__wrapper\">\n<iframe loading=\"lazy\" title=\"Aitana-Con la miel en los labios (cover)\" width=\"580\" height=\"326\" src=\"https:\/\/www.youtube.com\/embed\/zJ3JYB32Zoc?feature=oembed\" frameborder=\"0\" allow=\"accelerometer; autoplay; clipboard-write; encrypted-media; gyroscope; picture-in-picture; web-share\" referrerpolicy=\"strict-origin-when-cross-origin\" allowfullscreen><\/iframe>\n<\/div><figcaption>Cover \u00abCon la miel en los labios\u00bb interpretada por Marina Montalvo.<br>Producci\u00f3n musical David G\u00e1mez. <\/figcaption><\/figure>\n\n\n\n<p><strong>A Contraluz<\/strong>, es el \u00faltimo trabajo de David. Os dejamos el enlace para que pod\u00e1is disfrutar de la fusi\u00f3n Lat\u00edn-Jazz.<\/p>\n\n\n\n<figure class=\"wp-block-embed-youtube wp-block-embed is-type-video is-provider-youtube wp-embed-aspect-4-3 wp-has-aspect-ratio\"><div class=\"wp-block-embed__wrapper\">\n<iframe loading=\"lazy\" title=\"A contraluz\" width=\"580\" height=\"435\" src=\"https:\/\/www.youtube.com\/embed\/ZnxqdpsGNyA?feature=oembed\" frameborder=\"0\" allow=\"accelerometer; autoplay; clipboard-write; encrypted-media; gyroscope; picture-in-picture; web-share\" referrerpolicy=\"strict-origin-when-cross-origin\" allowfullscreen><\/iframe>\n<\/div><\/figure>\n\n\n\n<p>Si deseas aprender piano con un gran maestro, esta es tu oportunidad. No la dejes escapar.<\/p>\n\n\n\n<figure class=\"wp-block-image size-large\"><img loading=\"lazy\" decoding=\"async\" width=\"1024\" height=\"577\" src=\"https:\/\/lacompaniadelupe.com\/wp-content\/uploads\/2021\/04\/david_clases-1024x577.jpg\" alt=\"\" class=\"wp-image-270\" srcset=\"https:\/\/lacompaniadelupe.com\/wp-content\/uploads\/2021\/04\/david_clases-1024x577.jpg 1024w, https:\/\/lacompaniadelupe.com\/wp-content\/uploads\/2021\/04\/david_clases-300x169.jpg 300w, https:\/\/lacompaniadelupe.com\/wp-content\/uploads\/2021\/04\/david_clases-768x432.jpg 768w, https:\/\/lacompaniadelupe.com\/wp-content\/uploads\/2021\/04\/david_clases-1536x865.jpg 1536w, https:\/\/lacompaniadelupe.com\/wp-content\/uploads\/2021\/04\/david_clases-1200x676.jpg 1200w, https:\/\/lacompaniadelupe.com\/wp-content\/uploads\/2021\/04\/david_clases.jpg 1600w\" sizes=\"auto, (max-width: 1024px) 100vw, 1024px\" \/><\/figure>\n\n\n\n<p>Para cualquier informaci\u00f3n que necesites a nivel musical, utiliza este formulario de contacto. Gracias<\/p>\n\n\n<div class=\"wpforms-container wpforms-container-full wpforms-block\" id=\"wpforms-223\"><form id=\"wpforms-form-223\" class=\"wpforms-validate wpforms-form\" data-formid=\"223\" method=\"post\" enctype=\"multipart\/form-data\" action=\"\/index.php\/wp-json\/wp\/v2\/pages\/111\" data-token=\"4a5a09116ed78bdb05e54f351893dfb1\"><noscript class=\"wpforms-error-noscript\">Por favor, activa JavaScript en tu navegador para completar este formulario.<\/noscript><div class=\"wpforms-field-container\"><div id=\"wpforms-223-field_0-container\" class=\"wpforms-field wpforms-field-name\" data-field-id=\"0\"><label class=\"wpforms-field-label\" for=\"wpforms-223-field_0\">Nombre <span class=\"wpforms-required-label\">*<\/span><\/label><input type=\"text\" id=\"wpforms-223-field_0\" class=\"wpforms-field-medium wpforms-field-required\" name=\"wpforms[fields][0]\" required><\/div><div id=\"wpforms-223-field_1-container\" class=\"wpforms-field wpforms-field-email\" data-field-id=\"1\"><label class=\"wpforms-field-label\" for=\"wpforms-223-field_1\">Email <span class=\"wpforms-required-label\">*<\/span><\/label><input type=\"email\" id=\"wpforms-223-field_1\" class=\"wpforms-field-medium wpforms-field-required\" name=\"wpforms[fields][1]\" spellcheck=\"false\" required><\/div><div id=\"wpforms-223-field_2-container\" class=\"wpforms-field wpforms-field-textarea\" data-field-id=\"2\"><label class=\"wpforms-field-label\" for=\"wpforms-223-field_2\">Contenido del mensaje <span class=\"wpforms-required-label\">*<\/span><\/label><textarea id=\"wpforms-223-field_2\" class=\"wpforms-field-medium wpforms-field-required\" name=\"wpforms[fields][2]\" required><\/textarea><\/div><\/div><!-- .wpforms-field-container --><div class=\"wpforms-submit-container\" ><input type=\"hidden\" name=\"wpforms[id]\" value=\"223\"><input type=\"hidden\" name=\"wpforms[author]\" value=\"1\"><button type=\"submit\" name=\"wpforms[submit]\" id=\"wpforms-submit-223\" class=\"wpforms-submit\" data-alt-text=\"Sending...\" data-submit-text=\"Enviar\" aria-live=\"assertive\" value=\"wpforms-submit\">Enviar<\/button><\/div><\/form><\/div>  <!-- .wpforms-container -->","protected":false},"excerpt":{"rendered":"<p>La\u00a0m\u00fasica\u00a0influye en los sentimientos y las emociones del espectador, modificando el sentido de la imagen. David, es nuestro compositor. En cada trabajo aporta su experiencia, saber y genialidad. Aqu\u00ed os dejamos una peque\u00f1a muestra de alguno de sus trabajos de este gran compositor. Adem\u00e1s de componer, tambi\u00e9n produce. En las grabaciones intenta guiar e instruir [&hellip;]<\/p>\n","protected":false},"author":1,"featured_media":213,"parent":0,"menu_order":0,"comment_status":"closed","ping_status":"closed","template":"","meta":{"footnotes":""},"class_list":["post-111","page","type-page","status-publish","has-post-thumbnail","hentry"],"yoast_head":"<!-- This site is optimized with the Yoast SEO plugin v15.1.1 - https:\/\/yoast.com\/wordpress\/plugins\/seo\/ -->\n<title>M\u00fasica - La Compa\u00f1ia de Lupe<\/title>\n<meta name=\"description\" content=\"Davig G\u00e1mez, es nuestro compositor. En cada trabajo aporta su experiencia, saber y genialidad. Acceso a una peque\u00f1a muestra de sus trabajos\" \/>\n<meta name=\"robots\" content=\"index, follow, max-snippet:-1, max-image-preview:large, max-video-preview:-1\" \/>\n<link rel=\"canonical\" href=\"https:\/\/lacompaniadelupe.com\/index.php\/musica\/\" \/>\n<meta property=\"og:locale\" content=\"es_ES\" \/>\n<meta property=\"og:type\" content=\"article\" \/>\n<meta property=\"og:title\" content=\"M\u00fasica - La Compa\u00f1ia de Lupe\" \/>\n<meta property=\"og:description\" content=\"Davig G\u00e1mez, es nuestro compositor. En cada trabajo aporta su experiencia, saber y genialidad. Acceso a una peque\u00f1a muestra de sus trabajos\" \/>\n<meta property=\"og:url\" content=\"https:\/\/lacompaniadelupe.com\/index.php\/musica\/\" \/>\n<meta property=\"og:site_name\" content=\"La Compa\u00f1ia de Lupe\" \/>\n<meta property=\"article:publisher\" content=\"https:\/\/www.facebook.com\/lacompaniadelupe\/\" \/>\n<meta property=\"article:modified_time\" content=\"2021-04-28T17:45:29+00:00\" \/>\n<meta property=\"og:image\" content=\"https:\/\/lacompaniadelupe.com\/wp-content\/uploads\/2020\/10\/piano.jpg\" \/>\n\t<meta property=\"og:image:width\" content=\"510\" \/>\n\t<meta property=\"og:image:height\" content=\"340\" \/>\n<meta name=\"twitter:card\" content=\"summary_large_image\" \/>\n<meta name=\"twitter:description\" content=\"Davig G\u00e1mez, es nuestro compositor. En cada trabajo aporta su experiencia, saber y genialidad. Acceso a una peque\u00f1a muestra de sus trabajos\" \/>\n<meta name=\"twitter:image\" content=\"https:\/\/lacompaniadelupe.com\/wp-content\/uploads\/2020\/10\/piano.jpg\" \/>\n<script type=\"application\/ld+json\" class=\"yoast-schema-graph\">{\"@context\":\"https:\/\/schema.org\",\"@graph\":[{\"@type\":\"Organization\",\"@id\":\"https:\/\/lacompaniadelupe.com\/#organization\",\"name\":\"La Compa\\u00f1ia de Lupe\",\"url\":\"https:\/\/lacompaniadelupe.com\/\",\"sameAs\":[\"https:\/\/www.facebook.com\/lacompaniadelupe\/\",\"https:\/\/www.youtube.com\/channel\/UCd0RzECLfuVDtvf2xhSRvXA\"],\"logo\":{\"@type\":\"ImageObject\",\"@id\":\"https:\/\/lacompaniadelupe.com\/#logo\",\"inLanguage\":\"es\",\"url\":\"https:\/\/lacompaniadelupe.com\/wp-content\/uploads\/2020\/10\/logo-e1602354555723.png\",\"width\":400,\"height\":270,\"caption\":\"La Compa\\u00f1ia de Lupe\"},\"image\":{\"@id\":\"https:\/\/lacompaniadelupe.com\/#logo\"}},{\"@type\":\"WebSite\",\"@id\":\"https:\/\/lacompaniadelupe.com\/#website\",\"url\":\"https:\/\/lacompaniadelupe.com\/\",\"name\":\"La Compa\\u00f1ia de Lupe\",\"description\":\"\",\"publisher\":{\"@id\":\"https:\/\/lacompaniadelupe.com\/#organization\"},\"potentialAction\":[{\"@type\":\"SearchAction\",\"target\":\"https:\/\/lacompaniadelupe.com\/?s={search_term_string}\",\"query-input\":\"required name=search_term_string\"}],\"inLanguage\":\"es\"},{\"@type\":\"ImageObject\",\"@id\":\"https:\/\/lacompaniadelupe.com\/index.php\/musica\/#primaryimage\",\"inLanguage\":\"es\",\"url\":\"https:\/\/lacompaniadelupe.com\/wp-content\/uploads\/2020\/10\/piano.jpg\",\"width\":510,\"height\":340},{\"@type\":\"WebPage\",\"@id\":\"https:\/\/lacompaniadelupe.com\/index.php\/musica\/#webpage\",\"url\":\"https:\/\/lacompaniadelupe.com\/index.php\/musica\/\",\"name\":\"M\\u00fasica - La Compa\\u00f1ia de Lupe\",\"isPartOf\":{\"@id\":\"https:\/\/lacompaniadelupe.com\/#website\"},\"primaryImageOfPage\":{\"@id\":\"https:\/\/lacompaniadelupe.com\/index.php\/musica\/#primaryimage\"},\"datePublished\":\"2020-10-17T16:50:10+00:00\",\"dateModified\":\"2021-04-28T17:45:29+00:00\",\"description\":\"Davig G\\u00e1mez, es nuestro compositor. En cada trabajo aporta su experiencia, saber y genialidad. Acceso a una peque\\u00f1a muestra de sus trabajos\",\"inLanguage\":\"es\",\"potentialAction\":[{\"@type\":\"ReadAction\",\"target\":[\"https:\/\/lacompaniadelupe.com\/index.php\/musica\/\"]}]}]}<\/script>\n<!-- \/ Yoast SEO plugin. -->","_links":{"self":[{"href":"https:\/\/lacompaniadelupe.com\/index.php\/wp-json\/wp\/v2\/pages\/111","targetHints":{"allow":["GET"]}}],"collection":[{"href":"https:\/\/lacompaniadelupe.com\/index.php\/wp-json\/wp\/v2\/pages"}],"about":[{"href":"https:\/\/lacompaniadelupe.com\/index.php\/wp-json\/wp\/v2\/types\/page"}],"author":[{"embeddable":true,"href":"https:\/\/lacompaniadelupe.com\/index.php\/wp-json\/wp\/v2\/users\/1"}],"replies":[{"embeddable":true,"href":"https:\/\/lacompaniadelupe.com\/index.php\/wp-json\/wp\/v2\/comments?post=111"}],"version-history":[{"count":13,"href":"https:\/\/lacompaniadelupe.com\/index.php\/wp-json\/wp\/v2\/pages\/111\/revisions"}],"predecessor-version":[{"id":271,"href":"https:\/\/lacompaniadelupe.com\/index.php\/wp-json\/wp\/v2\/pages\/111\/revisions\/271"}],"wp:featuredmedia":[{"embeddable":true,"href":"https:\/\/lacompaniadelupe.com\/index.php\/wp-json\/wp\/v2\/media\/213"}],"wp:attachment":[{"href":"https:\/\/lacompaniadelupe.com\/index.php\/wp-json\/wp\/v2\/media?parent=111"}],"curies":[{"name":"wp","href":"https:\/\/api.w.org\/{rel}","templated":true}]}}